{"id":53,"date":"2023-12-19T14:51:03","date_gmt":"2023-12-19T14:51:03","guid":{"rendered":"http:\/\/new.flew.berlin\/?page_id=53"},"modified":"2026-02-13T10:15:17","modified_gmt":"2026-02-13T10:15:17","slug":"wir","status":"publish","type":"page","link":"https:\/\/www.flew.berlin\/?page_id=53","title":{"rendered":""},"content":{"rendered":"\n<div style=\"height:100px\" aria-hidden=\"true\" class=\"wp-block-spacer\"><\/div>\n\n\n\n<h1 class=\"wp-block-heading has-text-align-center has-six-color has-text-color has-link-color wp-elements-9e3f61e71b38e44b8f4165b1d6898e8c\"><strong>FLEW lebt von Menschen, <br>die Ideen mit Leben f\u00fcllen.<\/strong><\/h1>\n\n\n\n<div style=\"height:54px\" aria-hidden=\"true\" class=\"wp-block-spacer\"><\/div>\n\n\n\n<p>Philipp h\u00e4lt den Kurs, Nico \u00f6ffnet neue Wege. Toni schenkt jedem Projekt Form und Licht, Tanja f\u00e4ngt Augenblicke ein und macht sie sichtbar. Benjamin l\u00e4sst Bilder sprechen und Klang flie\u00dfen, Timmy bringt alles zusammen und l\u00e4sst Geschichten atmen. Gemeinsam entsteht ein Werk, das bewegt, ber\u00fchrt und wirkt.<\/p>\n\n\n\n<p class=\"has-vivid-purple-color has-text-color has-link-color wp-elements-bfb1b2dcb07ad66b4c3ecf209a5f7cf9\"><strong>Philipp Elsner-Krause \u2013 CEO<\/strong><\/p>\n\n\n\n<p>Gr\u00fcnder | Wirtschaftsingenieur | Controlling<\/p>\n\n\n\n<p>Leitet FLEW mit strategischem Fokus und sorgt f\u00fcr wirtschaftliche Stabilit\u00e4t.<\/p>\n\n\n\n<hr class=\"wp-block-separator has-text-color has-one-color has-alpha-channel-opacity has-one-background-color has-background is-style-dots\"\/>\n\n\n\n<p><strong>Nico W\u00fcnsche \u2013 Business Development Director<\/strong><\/p>\n\n\n\n<p>Gr\u00fcnder | Innovator | Produzent | Berater<\/p>\n\n\n\n<p>Treibt Projekte voran, vernetzt die Agentur und entwickelt kreative Formate.<\/p>\n\n\n\n<hr class=\"wp-block-separator has-text-color has-one-color has-alpha-channel-opacity has-one-background-color has-background is-style-dots\"\/>\n\n\n\n<p class=\"has-vivid-purple-color has-text-color has-link-color wp-elements-257d038649e858c5ab6a19243282f5b7\"><strong>Toni Beschorner \u2013 Art Director<\/strong><\/p>\n\n\n\n<p>Grafik Designer | \u00c4sthet | Visuelle Kommunikation<\/p>\n\n\n\n<p>Gibt allen Projekten visuelle Identit\u00e4t und sichert konsistente \u00c4sthetik.<\/p>\n\n\n\n<hr class=\"wp-block-separator has-text-color has-one-color has-alpha-channel-opacity has-one-background-color has-background is-style-dots\"\/>\n\n\n\n<p class=\"has-vivid-purple-color has-text-color has-link-color wp-elements-6d826e07cfabb9802c2e6c220156e9ed\"><strong>Tanja Mersmann \u2013 Photographin<\/strong><\/p>\n\n\n\n<p>Storytellerin | Content Creatorin | Setdesign<\/p>\n\n\n\n<p>F\u00e4ngt Geschichten in Bildern ein und gestaltet visuell packende Inhalte.<\/p>\n\n\n\n<hr class=\"wp-block-separator has-text-color has-one-color has-alpha-channel-opacity has-one-background-color has-background is-style-dots\"\/>\n\n\n\n<p class=\"has-vivid-purple-color has-text-color has-link-color wp-elements-e0047a7d3ea21f508f8465965d99c2b5\"><strong>Benjamin Br\u00fcggemann \u2013 Videograph<\/strong><\/p>\n\n\n\n<p>Videograph | Cut Enthusiast | Mediator<\/p>\n\n\n\n<p>Erzeugt fantastische Bewegtbilder, welche Geschichten werden und reibungslose Abl\u00e4ufe.<\/p>\n\n\n\n<hr class=\"wp-block-separator has-text-color has-one-color has-alpha-channel-opacity has-one-background-color has-background is-style-dots\"\/>\n\n\n\n<p class=\"has-vivid-purple-color has-text-color has-link-color wp-elements-587487cc9e09d1c777385690db8b3c58\"><strong>Timmy W\u00fcst \u2013 Contentmoderator<\/strong><\/p>\n\n\n\n<p>Travelenthusiast | Creator<\/p>\n\n\n\n<p>Moderiert Inhalte, reist mit den Geschichten und verleiht ihnen lebendige Authentizit\u00e4t.<\/p>\n\n\n\n<p><br><\/p>\n","protected":false},"excerpt":{"rendered":"<p>FLEW lebt von Menschen, die Ideen mit Leben f\u00fcllen. Philipp h\u00e4lt den Kurs, Nico \u00f6ffnet neue Wege. Toni schenkt jedem Projekt Form und Licht, Tanja f\u00e4ngt Augenblicke ein und macht sie sichtbar. Benjamin l\u00e4sst Bilder sprechen und Klang flie\u00dfen, Timmy bringt alles zusammen und l\u00e4sst Geschichten atmen. Gemeinsam entsteht ein Werk, das bewegt, ber\u00fchrt und [&hellip;]<\/p>\n","protected":false},"author":1,"featured_media":0,"parent":0,"menu_order":0,"comment_status":"closed","ping_status":"closed","template":"","meta":{"cybocfi_hide_featured_image":"","footnotes":""},"class_list":["post-53","page","type-page","status-publish","hentry"],"_links":{"self":[{"href":"https:\/\/www.flew.berlin\/index.php?rest_route=\/wp\/v2\/pages\/53","targetHints":{"allow":["GET"]}}],"collection":[{"href":"https:\/\/www.flew.berlin\/index.php?rest_route=\/wp\/v2\/pages"}],"about":[{"href":"https:\/\/www.flew.berlin\/index.php?rest_route=\/wp\/v2\/types\/page"}],"author":[{"embeddable":true,"href":"https:\/\/www.flew.berlin\/index.php?rest_route=\/wp\/v2\/users\/1"}],"replies":[{"embeddable":true,"href":"https:\/\/www.flew.berlin\/index.php?rest_route=%2Fwp%2Fv2%2Fcomments&post=53"}],"version-history":[{"count":46,"href":"https:\/\/www.flew.berlin\/index.php?rest_route=\/wp\/v2\/pages\/53\/revisions"}],"predecessor-version":[{"id":1110,"href":"https:\/\/www.flew.berlin\/index.php?rest_route=\/wp\/v2\/pages\/53\/revisions\/1110"}],"wp:attachment":[{"href":"https:\/\/www.flew.berlin\/index.php?rest_route=%2Fwp%2Fv2%2Fmedia&parent=53"}],"curies":[{"name":"wp","href":"https:\/\/api.w.org\/{rel}","templated":true}]}}